{"id":2,"date":"2015-01-25T00:16:32","date_gmt":"2015-01-25T00:16:32","guid":{"rendered":"http:\/\/totaltheme.wpengine.com\/construct\/?page_id=2"},"modified":"2025-05-29T18:41:05","modified_gmt":"2025-05-29T17:41:05","slug":"home","status":"publish","type":"page","link":"https:\/\/charta.seitenwechsel-berlin.de\/en\/","title":{"rendered":"Home"},"content":{"rendered":"<div data-vc-full-width=\"true\" data-vc-full-width-init=\"false\" class=\"vc_row wpb_row vc_row-fluid vc_custom_1748539381825 vc_row-o-equal-height vc_row-o-content-middle vc_row-flex wpex-vc_row-has-fill wpex-vc-row-stretched wpex-has-shape-divider-bottom\" style=\"min-height:500px;\"><div class=\"wpb_column vc_column_container vc_col-sm-12\"><div class=\"vc_column-inner\"><div class=\"wpb_wrapper\"><\/div><\/div><\/div><div class=\"wpex-shape-divider wpex-shape-divider-curve wpex-shape-divider-bottom hidden-phone\"><svg class=\"wpex-shape-divider-svg\" style=\" height:400px; width:calc(200% + 1.3px);\" xmlns=\"http:\/\/www.w3.org\/2000\/svg\" viewbox=\"0 0 1000 100\" preserveaspectratio=\"none\"><path class=\"wpex-shape-divider-path\" fill=\"#ffffff\" d=\"M500,97C126.7,96.3,0.8,19.8,0,0v100l1000,0V1C1000,19.4,873.3,97.8,500,97z\"\/><\/svg><\/div><\/div><div class=\"vc_row-full-width vc_clearfix\"><\/div><div data-vc-full-width=\"true\" data-vc-full-width-init=\"false\" class=\"vc_row wpb_row vc_row-fluid vc_custom_1748529082421 vc_row-o-content-middle vc_row-flex wpex-vc-row-stretched\" style=\"min-height:250px;\"><div class=\"wpb_column vc_column_container vc_col-sm-12\"><div class=\"vc_column-inner\"><div class=\"wpb_wrapper\">\n\t<div style=\"color:#7a39d8;font-family:&#039;Poppins&#039;,sans-serif;font-size:22px;font-weight:600;\" class=\"wpb_text_column has-custom-color wpex-child-inherit-color wpb_content_element\" >\n\t\t<div class=\"wpb_wrapper\">\n\t\t\t<p>We would like to invite everyone to join us in thinking about gender diversity in sport. We want everyone to think along with us.<\/p>\n\n\t\t<\/div>\n\t<\/div>\n<\/div><\/div><\/div><\/div><div class=\"vc_row-full-width vc_clearfix\"><\/div><div data-vc-full-width=\"true\" data-vc-full-width-init=\"false\" class=\"vc_row wpb_row vc_row-fluid vc_custom_1748528760454 vc_row-o-equal-height vc_row-flex wpex-vc_row-has-fill wpex-vc-row-stretched wpex-vc-has-custom-column-spacing wpex-vc-column-spacing-50\"><div class=\"wpb_column vc_column_container vc_col-sm-6\"><div class=\"vc_column-inner\"><div class=\"wpb_wrapper\"><a href=\"http:\/\/www.charta.seitenwechsel-berlin.de\/charta\/\" class=\"vcex-icon-box-link-wrap wpex-inherit-color wpex-no-underline\"><div class=\"vcex-module vcex-icon-box vcex-icon-box-one wpex-relative wpex-flex wpex-p-30 wpex-text-left wpex-hover-white-text\" data-wpex-hover=\"{&quot;background&quot;:&quot;#7a39d8&quot;}\" style=\"background-color:#ffffff;\"><div class=\"vcex-icon-box-symbol wpex-flex-shrink-0 wpex-mr-20\"><div class=\"vcex-icon-box-icon wpex-inline-flex wpex-items-center wpex-justify-center wpex-child-inherit-color wpex-text-center wpex-leading-none wpex-text-black\" style=\"color:#7a39d8;\"><span class=\"fas fa-file-signature\" aria-hidden=\"true\"><\/span><\/div><\/div><div class=\"vcex-icon-box-text wpex-flex-grow\"><h2 class=\"vcex-icon-box-heading wpex-heading wpex-text-md wpex-mb-10\" style=\"font-weight:700;color:#7a39d8;font-size:18px;text-transform:uppercase;\">Charter<\/h2><div class=\"vcex-icon-box-content wpex-last-mb-0 wpex-clr\"><p>The tools we have developed in our project are a charter with nine points that your club or association can sign.<\/p>\n<\/div><\/div><\/div><\/a><\/div><\/div><\/div><div class=\"wpb_column vc_column_container vc_col-sm-6\"><div class=\"vc_column-inner\"><div class=\"wpb_wrapper\"><a href=\"http:\/\/www.charta.seitenwechsel-berlin.de\/wissensbausteine\/\" class=\"vcex-icon-box-link-wrap wpex-inherit-color wpex-no-underline\"><div class=\"vcex-module vcex-icon-box vcex-icon-box-one wpex-relative wpex-flex wpex-p-30 wpex-text-left wpex-hover-white-text\" data-wpex-hover=\"{&quot;background&quot;:&quot;#7a39d8&quot;}\" style=\"background-color:#ffffff;\"><div class=\"vcex-icon-box-symbol wpex-flex-shrink-0 wpex-mr-20\"><div class=\"vcex-icon-box-icon wpex-inline-flex wpex-items-center wpex-justify-center wpex-child-inherit-color wpex-text-center wpex-leading-none wpex-text-black\" style=\"color:#7a39d8;\"><span class=\"fas fa-book\" aria-hidden=\"true\"><\/span><\/div><\/div><div class=\"vcex-icon-box-text wpex-flex-grow\"><h2 class=\"vcex-icon-box-heading wpex-heading wpex-text-md wpex-mb-10\" style=\"font-weight:700;color:#7a39d8;font-size:18px;text-transform:uppercase;\">Educational modules<\/h2><div class=\"vcex-icon-box-content wpex-last-mb-0 wpex-clr\"><p>To make it easier to understand what each point means, we have created short knowledge modules to help you with the concrete implementation.<\/p>\n<\/div><\/div><\/div><\/a><\/div><\/div><\/div><\/div><div class=\"vc_row-full-width vc_clearfix\"><\/div><div class=\"vc_row wpb_row vc_row-fluid vc_custom_1748526835787\"><div class=\"wpb_column vc_column_container vc_col-sm-12\"><div class=\"vc_column-inner\"><div class=\"wpb_wrapper\"><h1 class=\"vcex-heading vcex-module wpex-text-2xl wpex-font-normal wpex-m-auto wpex-max-w-100 vcex-heading-plain wpex-block\" style=\"color:#7a39d8;font-weight:600;\"><span class=\"vcex-heading-inner wpex-inline-block wpex-clr\">Project events info<\/span><\/h1><div class=\"vc_empty_space\"   style=\"height: 32px\"><span class=\"vc_empty_space_inner\"><\/span><\/div><div class=\"vcex-shortcode wpex-clr\"><div id=\"vsel\" class=\"vsel-shortcode vsel-shortcode-all-events\"><div id=\"event-790\" class=\"vsel-content vsel-past\"><div class=\"vsel-meta vsel-alignleft\" style=\"width:36%;\"><h3 class=\"vsel-meta-title\"><a href=\"https:\/\/charta.seitenwechsel-berlin.de\/en\/event\/charta-vorstellung-diversity-digital-zeit-fuer-vielfalt-aus-haltung-wird-handlung-dosb\/\" rel=\"bookmark\" title=\"Charta Vorstellung &#8211; Diversity Digital &#8222;Zeit f\u00fcr Vielfalt &#8211; Aus Haltung wird Handlung&#8220;. DOSB\">Charta Vorstellung &#8211; Diversity Digital &#8222;Zeit f\u00fcr Vielfalt &#8211; Aus Haltung wird Handlung&#8220;. DOSB<\/a><\/h3><div class=\"vsel-meta-date vsel-meta-single-date\"><span>2 December 2025<\/span><\/div><div class=\"vsel-meta-location\">Location: <span>Online<\/span><\/div><div class=\"vsel-meta-link\"><a href=\"https:\/\/padlet.com\/Katja_Lueke\/dosb-diversity-digital-zeit-f-r-teilhabe-aus-haltung-wird-ha-rho0sfzlodh22n5q\" rel=\"noopener noreferrer\" target=\"_self\" title=\"https:\/\/padlet.com\/Katja_Lueke\/dosb-diversity-digital-zeit-f-r-teilhabe-aus-haltung-wird-ha-rho0sfzlodh22n5q\">More info<\/a><\/div><\/div><div class=\"vsel-info vsel-alignright\" style=\"width:60%;\"><div class=\"vsel-text\"><p>Hier ist bereits vor dem 2.12.2025 Platz und Zeit zum Austausch und Netzwerken rund um die Themen Diversity und Vielfalt im Sport. Stellt Eure guten Projekte vor, nennt Hindernisse oder lasst Fragen an die Community hier! Einfach irgendwo doppelklicken, dann geht ein neues Feld auf oder in Kommentarfeld schreiben.Wir sind mit unserer Charta unterwegs: Conny&hellip;<\/p>\n<\/div><\/div><\/div><div id=\"event-792\" class=\"vsel-content vsel-past\"><div class=\"vsel-meta vsel-alignleft\" style=\"width:36%;\"><h3 class=\"vsel-meta-title\"><a href=\"https:\/\/charta.seitenwechsel-berlin.de\/en\/event\/bunt-2025-frankfurt\/\" rel=\"bookmark\" title=\"BuNT 2025 &#8211; Frankfurt\">BuNT 2025 &#8211; Frankfurt<\/a><\/h3><div class=\"vsel-meta-date vsel-meta-single-date\"><span>15 November 2025<\/span><\/div><\/div><div class=\"vsel-info vsel-alignright\" style=\"width:60%;\"><div class=\"vsel-text\"><p>Auch in diesem Jahr waren wir wieder beim BuNT \u2013 diesmal in Frankfurt.Conny-Hendrik Sch\u00e4licke und Martin Mu\u00f1oz stellten die Charta und weitere TIN*-Projekte von Seitenwechsel vor und begleiteten die Gr\u00fcndung des neuen\u00a0Arbeitskreises TINAQ, der die bundesweite Vernetzung von trans, inter, nicht-bin\u00e4ren, agender und questioning Personen im Sport st\u00e4rkt. Im Fokus standen zwei Anliegen: eine klare&hellip;<\/p>\n<\/div><\/div><\/div><div id=\"event-791\" class=\"vsel-content vsel-past\"><div class=\"vsel-meta vsel-alignleft\" style=\"width:36%;\"><h3 class=\"vsel-meta-title\"><a href=\"https:\/\/charta.seitenwechsel-berlin.de\/en\/event\/workshop-geschlechterinklusive-veranstaltungen-im-sport-bunt-2025\/\" rel=\"bookmark\" title=\"Online Workshop: Geschlechterinklusive Veranstaltungen im Sport &#8211; BuNT 2025\">Online Workshop: Geschlechterinklusive Veranstaltungen im Sport &#8211; BuNT 2025<\/a><\/h3><div class=\"vsel-meta-date vsel-meta-single-date\"><span>10 November 2025<\/span><\/div><\/div><div class=\"vsel-info vsel-alignright\" style=\"width:60%;\"><div class=\"vsel-text\"><p>Im Rahmen des BuNT 2025 hatten wir die M\u00f6glichkeit, unser neues Bildungsmodul vorzustellen und einen Workshop durchzuf\u00fchren, der dabei unterst\u00fctzt, ein besseres Verst\u00e4ndnis f\u00fcr die Entwicklung geschlechterinklusiver Veranstaltungen zu gewinnen.<\/p>\n<\/div><\/div><\/div><div id=\"event-800\" class=\"vsel-content vsel-past\"><div class=\"vsel-meta vsel-alignleft\" style=\"width:36%;\"><h3 class=\"vsel-meta-title\"><a href=\"https:\/\/charta.seitenwechsel-berlin.de\/en\/event\/expertinnengespraech-zum-thema-flinta-fussball-dynamo-donau-e-v\/\" rel=\"bookmark\" title=\"Expert*innengespr\u00e4ch zum Thema FLINTA* Fu\u00dfball &#8211; Dynamo Donau e.V.\">Expert*innengespr\u00e4ch zum Thema FLINTA* Fu\u00dfball &#8211; Dynamo Donau e.V.<\/a><\/h3><div class=\"vsel-meta-date vsel-meta-single-date\"><span>24 August 2025<\/span><\/div><div class=\"vsel-meta-location\">Location: <span>Wien - AT<\/span><\/div><\/div><div class=\"vsel-info vsel-alignright\" style=\"width:60%;\"><div class=\"vsel-text\"><p>Im Rahmen des FLINTA* Cups fand am Nachmittag (15.00\u201316.30 Uhr) ein Expert:innengespr\u00e4ch zum Thema\u00a0FLINTA-Fu\u00dfball* statt. Unter dem Motto\u00a0\u201eKein Team ohne TIN?\u201c* wurde diskutiert, wie Teilhabe im FLINTA*-Fu\u00dfball gef\u00f6rdert und langfristig gesichert werden kann.Neben den Spieler:innen und Besucher:innen des Turniers berichteten Expert:innen wie\u00a0Nikola Staritz (Fairplay) und Martin Mu\u00f1oz (Seitenwechsel)\u00a0von ihren Erfahrungen aus unterschiedlichen Perspektiven. Und selbstverst\u00e4ndlich&hellip;<\/p>\n<\/div><\/div><\/div><div id=\"event-798\" class=\"vsel-content vsel-past\"><div class=\"vsel-meta vsel-alignleft\" style=\"width:36%;\"><h3 class=\"vsel-meta-title\"><a href=\"https:\/\/charta.seitenwechsel-berlin.de\/en\/event\/charta-vorstellen-im-flinta-fussball-turnier-viktoria-mitte-e-v\/\" rel=\"bookmark\" title=\"Charta Vorstellen im FLINTA* Fu\u00dfball Turnier &#8211; Viktoria Mitte  e.V.\">Charta Vorstellen im FLINTA* Fu\u00dfball Turnier &#8211; Viktoria Mitte  e.V.<\/a><\/h3><div class=\"vsel-meta-date vsel-meta-single-date\"><span>6 July 2025<\/span><\/div><\/div><div class=\"vsel-info vsel-alignright\" style=\"width:60%;\"><div class=\"vsel-text\"><p>Mart\u00edn Mu\u00f1oz teilte sich gemeinsam mit dem LSVD (Alice Drouin) einen Stand, von dem aus Martin unsere Charta allen Teilnehmenden des Fu\u00dfball Turniers vorstellen konnte. Au\u00dferdem hatte Martin die Gelegenheit, mit dem veranstaltenden Verein SV Rot-Wei\u00df Viktoria Mitte 08 e.V. ins Gespr\u00e4ch zu kommen und erste Gespr\u00e4che dar\u00fcber zu f\u00fchren, dass der Verein die Charta&hellip;<\/p>\n<\/div><\/div><\/div><div id=\"event-799\" class=\"vsel-content vsel-past\"><div class=\"vsel-meta vsel-alignleft\" style=\"width:36%;\"><h3 class=\"vsel-meta-title\"><a href=\"https:\/\/charta.seitenwechsel-berlin.de\/en\/event\/queer-im-sport-lsvd-netzwerk-treffen\/\" rel=\"bookmark\" title=\"Queer im Sport &#8211; LSVD Netzwerk Treffen\">Queer im Sport &#8211; LSVD Netzwerk Treffen<\/a><\/h3><div class=\"vsel-meta-date vsel-meta-single-date\"><span>4 July 2025<\/span><\/div><div class=\"vsel-meta-location\">Location: <span>NIKE Hub Berlin (Friedrichshain)<\/span><\/div><\/div><div class=\"vsel-info vsel-alignright\" style=\"width:60%;\"><div class=\"vsel-text\"><p>Jedes der 15 Projekte, die an diesem Nachmittag zusammenkamen, musste in nur einer Minute vorgestellt werden. Nach dieser kompakten Pr\u00e4sentationsrunde blieb Zeit, miteinander ins Gespr\u00e4ch zu kommen, sich besser kennenzulernen und m\u00f6gliche Kooperationen anzusto\u00dfen.Dabei bot sich auch die Gelegenheit, Organisationen die Charta vorzustellen und sie \u00fcber die M\u00f6glichkeit der Unterzeichnung zu informieren. Andrea Gensel und&hellip;<\/p>\n<\/div><\/div><\/div><div id=\"event-797\" class=\"vsel-content vsel-past\"><div class=\"vsel-meta vsel-alignleft\" style=\"width:36%;\"><h3 class=\"vsel-meta-title\"><a href=\"https:\/\/charta.seitenwechsel-berlin.de\/en\/event\/familiensportfest-friedrichshain-kreuzberg\/\" rel=\"bookmark\" title=\"Netzwerk &#8211; Familiensportfest Friedrichshain-Kreuzberg\">Netzwerk &#8211; Familiensportfest Friedrichshain-Kreuzberg<\/a><\/h3><div class=\"vsel-meta-date vsel-meta-single-date\"><span>21 June 2025<\/span><\/div><\/div><div class=\"vsel-info vsel-alignright\" style=\"width:60%;\"><div class=\"vsel-text\"><p>Conny Hendrik Sch\u00e4licke nutzte den Tag intensiv, um an unserem Charta-Stand ein umfangreiches Netzwerk aufzubauen.Dabei kam es zu zahlreichen Gespr\u00e4chen mit Organisationen aus ganz Berlin \u2013 insbesondere aus unserem Bezirk Friedrichshain-Kreuzberg. Conny stellte die Charta vor, informierte \u00fcber ihre Ziele und erl\u00e4uterte die M\u00f6glichkeiten, sie zu unterzeichnen und in der eigenen Organisation zu verankern.Durch diese&hellip;<\/p>\n<\/div><\/div><\/div><div id=\"event-796\" class=\"vsel-content vsel-past\"><div class=\"vsel-meta vsel-alignleft\" style=\"width:36%;\"><h3 class=\"vsel-meta-title\"><a href=\"https:\/\/charta.seitenwechsel-berlin.de\/en\/event\/workshop-strategies-for-lgbtiq-inclusion-and-safe-spaces-in-sports-aga-eglsf-2025-valencia\/\" rel=\"bookmark\" title=\"Workshop \u2013 Strategies for LGBTIQ+ Inclusion and Safe Spaces in Sports. AGA EGLSF 2025 &#8211; Valencia\">Workshop \u2013 Strategies for LGBTIQ+ Inclusion and Safe Spaces in Sports. AGA EGLSF 2025 &#8211; Valencia<\/a><\/h3><div class=\"vsel-meta-date vsel-meta-single-date\"><span>28 February 2025<\/span><\/div><div class=\"vsel-meta-location\">Location: <span>Valencia<\/span><\/div><\/div><div class=\"vsel-info vsel-alignright\" style=\"width:60%;\"><div class=\"vsel-text\"><p>Martin Mu\u00f1oz hatte erneut die Gelegenheit, unsere Charta auf der AGA der EGLSF 2025 in Valencia vor dem gesamten Plenum vorzustellen.Die Pr\u00e4sentation f\u00fchrte dazu, dass mehrere Organisationen am Ende des Wochenendes die Charta unterzeichneten.<\/p>\n<\/div><\/div><\/div><div id=\"event-595\" class=\"vsel-content vsel-past\"><div class=\"vsel-meta vsel-alignleft\" style=\"width:36%;\"><h3 class=\"vsel-meta-title\"><a href=\"https:\/\/charta.seitenwechsel-berlin.de\/en\/event\/session-by-eglsf-members-gathering-aga-2024-a-charter-for-gender-diversity-in-sport-toolkit-for-the-inclusion-of-trans-inter-and-non-binary-people\/\" rel=\"bookmark\" title=\"Session by EGLSF Members Gathering \/ AGA 2024  &#8211; A charter for gender Diversity in sport: toolkit for the inclusion of trans, inter, and non-binary people.\">Session by EGLSF Members Gathering \/ AGA 2024  &#8211; A charter for gender Diversity in sport: toolkit for the inclusion of trans, inter, and non-binary people.<\/a><\/h3><div class=\"vsel-meta-date vsel-meta-single-date\"><span>1 March 2024<\/span><\/div><div class=\"vsel-meta-location\">Location: <span>Antwerpen (Belgien)<\/span><\/div><\/div><div class=\"vsel-info vsel-alignright\" style=\"width:60%;\"><div class=\"vsel-text\"><p>Leader: Martin Mu\u00f1oz, Seitenwechsel Berlin, Sport Club for women, lesbian, trans, inter and girlsResume: Feeling overwhelmed and unsure where to start when it comes to gender diversity in sports? Let&#8217;s explore the importance and usefulness of a Gender Diversity Charter in Sports. Learn how it can benefit your organization and the initial steps to promote&hellip;<\/p>\n<\/div><\/div><\/div><div id=\"event-534\" class=\"vsel-content vsel-past\"><div class=\"vsel-meta vsel-alignleft\" style=\"width:36%;\"><h3 class=\"vsel-meta-title\"><a href=\"https:\/\/charta.seitenwechsel-berlin.de\/en\/event\/4-runder-tisch-geschlechtliche-vielfalt-bei-sportveranstaltungen\/\" rel=\"bookmark\" title=\"4. Runder Tisch \u201cGeschlechtliche Vielfalt bei Sportveranstaltungen\u201d\u00a0\">4. Runder Tisch \u201cGeschlechtliche Vielfalt bei Sportveranstaltungen\u201d\u00a0<\/a><\/h3><div class=\"vsel-meta-date vsel-meta-single-date\"><span>23 November 2023<\/span><\/div><div class=\"vsel-meta-location\">Location: <span>Online<\/span><\/div><div class=\"vsel-meta-link\"><a href=\"http:\/\/www.charta.seitenwechsel-berlin.de\/runder-tisch-2023\/\" rel=\"noopener noreferrer\" target=\"_self\" title=\"http:\/\/www.charta.seitenwechsel-berlin.de\/runder-tisch-2023\/\">More info<\/a><\/div><\/div><div class=\"vsel-info vsel-alignright\" style=\"width:60%;\"><div class=\"vsel-text\"><p>Bei diesem Runden Tisch werden wir uns damit befassen:wie bereits in der Planungsphase geschlechtliche Vielfalt \u00a0ber\u00fccksichtigt werden sollte und k\u00f6nnte, wie kleine Details einen gro\u00dfen Unterschied machen k\u00f6nnen bei der Verwendung inklusiver Sprache und effektiver Beschilderung von R\u00e4umen, wie diskriminierenden Vorf\u00e4llen begegnet werden kann: vor, w\u00e4hrend und nach der Veranstaltung durch Ehrenamtliche und Mitarbeitende bis&hellip;<\/p>\n<\/div><\/div><\/div><div class=\"vsel-nav\"><a href=\"https:\/\/charta.seitenwechsel-berlin.de\/en\/wp-json\/wp\/v2\/pages\/2\/page\/2\/\" class=\"vsel-next\">Next &raquo;<\/a><\/div><\/div><\/div><div class=\"vc_empty_space\"   style=\"height: 32px\"><span class=\"vc_empty_space_inner\"><\/span><\/div><\/div><\/div><\/div><\/div><div data-vc-full-width=\"true\" data-vc-full-width-init=\"false\" class=\"vc_row wpb_row vc_row-fluid vc_custom_1748526949386 wpex-vc_row-has-fill wpex-vc-row-stretched\"><div class=\"wpb_column vc_column_container vc_col-sm-12\"><div class=\"vc_column-inner vc_custom_1636283157118\"><div class=\"wpb_wrapper\"><h4 class=\"vcex-heading vcex-module wpex-text-2xl wpex-font-normal wpex-m-auto wpex-max-w-100 vcex-heading-plain wpex-block wpex-text-left\" style=\"font-size:22px;\"><span class=\"vcex-heading-inner wpex-inline-block wpex-clr\">We will be happy to send the printed charter by post for signing and displaying in your association.<\/span><\/h4><div class=\"vc_empty_space\"   style=\"height: 30px\"><span class=\"vc_empty_space_inner\"><\/span><\/div><div class=\"vc_custom_1748540461232 wpex-clr\"><a href=\"http:\/\/www.charta.seitenwechsel-berlin.de\/kontakt\/\" title=\"KONTAKT\" class=\"vcex-button theme-button flat align-left inline\" target=\"_blank\" style=\"background:#7a39d8;font-size:16px;text-transform:uppercase;\" rel=\"nofollow noopener noreferrer\" data-wpex-hover='{&quot;background&quot;:&quot;#fcb617&quot;,&quot;color&quot;:&quot;#ffffff&quot;}'><span class=\"theme-button-inner\">Contact us<\/span><\/a><\/div> <\/div><\/div><\/div><\/div><div class=\"vc_row-full-width vc_clearfix\"><\/div>","protected":false},"excerpt":{"rendered":"Bei diesem Runden Tisch werden wir uns damit befassen:wie bereits in der Planungsphase geschlechtliche Vielfalt \u00a0ber\u00fccksichtigt werden sollte und k\u00f6nnte, wie kleine Details einen gro\u00dfen Unterschied machen k\u00f6nnen bei der Verwendung inklusiver Sprache und effektiver Beschilderung von R\u00e4umen, wie diskriminierenden Vorf\u00e4llen begegnet werden kann: vor, w\u00e4hrend und nach der Veranstaltung durch Ehrenamtliche und Mitarbeitende bis&hellip;","protected":false},"author":1,"featured_media":0,"parent":0,"menu_order":0,"comment_status":"closed","ping_status":"closed","template":"","meta":{"footnotes":""},"class_list":["post-2","page","type-page","status-publish","hentry","entry","no-media"],"_links":{"self":[{"href":"https:\/\/charta.seitenwechsel-berlin.de\/en\/wp-json\/wp\/v2\/pages\/2","targetHints":{"allow":["GET"]}}],"collection":[{"href":"https:\/\/charta.seitenwechsel-berlin.de\/en\/wp-json\/wp\/v2\/pages"}],"about":[{"href":"https:\/\/charta.seitenwechsel-berlin.de\/en\/wp-json\/wp\/v2\/types\/page"}],"author":[{"embeddable":true,"href":"https:\/\/charta.seitenwechsel-berlin.de\/en\/wp-json\/wp\/v2\/users\/1"}],"replies":[{"embeddable":true,"href":"https:\/\/charta.seitenwechsel-berlin.de\/en\/wp-json\/wp\/v2\/comments?post=2"}],"version-history":[{"count":59,"href":"https:\/\/charta.seitenwechsel-berlin.de\/en\/wp-json\/wp\/v2\/pages\/2\/revisions"}],"predecessor-version":[{"id":755,"href":"https:\/\/charta.seitenwechsel-berlin.de\/en\/wp-json\/wp\/v2\/pages\/2\/revisions\/755"}],"wp:attachment":[{"href":"https:\/\/charta.seitenwechsel-berlin.de\/en\/wp-json\/wp\/v2\/media?parent=2"}],"curies":[{"name":"wp","href":"https:\/\/api.w.org\/{rel}","templated":true}]}}